{"id":69,"date":"2021-06-16T17:58:44","date_gmt":"2021-06-16T15:58:44","guid":{"rendered":"https:\/\/moy-nas-02.synology.me\/wp_mairie\/?page_id=69"},"modified":"2021-06-28T17:17:01","modified_gmt":"2021-06-28T15:17:01","slug":"demarche-en-sous-prefecture","status":"publish","type":"page","link":"https:\/\/moy-nas-02.synology.me\/wp_mairie\/?page_id=69","title":{"rendered":"D\u00e9marche en sous-pr\u00e9fecture"},"content":{"rendered":"<h2><strong>Adresse de la sous-pr\u00e9fecture de Saint-Quentin<\/strong><\/h2>\n\n\n<hr class=\"wp-block-separator is-style-wide\"\/>\n\n\n\n<p><br><br><\/p>\n\n\n\n<div class=\"wp-block-cover\" style=\"min-height:195px;aspect-ratio:unset;\"><img loading=\"lazy\" decoding=\"async\" width=\"1060\" height=\"195\" class=\"wp-block-cover__image-background wp-image-477\" alt=\"\" src=\"https:\/\/moy-nas-02.synology.me\/wp_mairie\/wp-content\/uploads\/2021\/06\/Parametres-complementaires.png\" style=\"object-position:0% 100%\" data-object-fit=\"cover\" data-object-position=\"0% 100%\" srcset=\"https:\/\/moy-nas-02.synology.me\/wp_mairie\/wp-content\/uploads\/2021\/06\/Parametres-complementaires.png 1060w, https:\/\/moy-nas-02.synology.me\/wp_mairie\/wp-content\/uploads\/2021\/06\/Parametres-complementaires-300x55.png 300w, https:\/\/moy-nas-02.synology.me\/wp_mairie\/wp-content\/uploads\/2021\/06\/Parametres-complementaires-1024x188.png 1024w, https:\/\/moy-nas-02.synology.me\/wp_mairie\/wp-content\/uploads\/2021\/06\/Parametres-complementaires-768x141.png 768w, https:\/\/moy-nas-02.synology.me\/wp_mairie\/wp-content\/uploads\/2021\/06\/Parametres-complementaires-900x166.png 900w, https:\/\/moy-nas-02.synology.me\/wp_mairie\/wp-content\/uploads\/2021\/06\/Parametres-complementaires-150x28.png 150w\" sizes=\"auto, (max-width: 1060px) 100vw, 1060px\" \/><div class=\"wp-block-cover__inner-container is-layout-flow wp-block-cover-is-layout-flow\">\n<div class=\"wp-block-columns is-layout-flex wp-container-core-columns-is-layout-9d6595d7 wp-block-columns-is-layout-flex\">\n<div class=\"wp-block-column is-layout-flow wp-block-column-is-layout-flow\" style=\"flex-basis:100px\">\n<figure class=\"wp-block-image size-large is-resized is-style-default\"><a href=\"https:\/\/www.aisne.gouv.fr\/\" target=\"_blank\" rel=\"noopener\"><img loading=\"lazy\" decoding=\"async\" width=\"102\" height=\"102\" src=\"https:\/\/moy-nas-02.synology.me\/wp_mairie\/wp-content\/uploads\/2021\/06\/dans-l-Aisne.png\" alt=\"\" class=\"wp-image-483\"\/><\/a><\/figure>\n<\/div>\n\n\n\n<div class=\"wp-block-column is-vertically-aligned-bottom is-layout-flow wp-block-column-is-layout-flow\">\n<p class=\"has-text-align-left\" style=\"font-size:32px\">Les services de l\u2019\u00c9tat<br><strong>dans l&#8217;Aisne<\/strong><\/p>\n<\/div>\n<\/div>\n<\/div><\/div>\n\n\n\n<p>Site web de la pr\u00e9fecture <a href=\"https:\/\/www.aisne.gouv.fr\/\" target=\"_blank\" rel=\"noreferrer noopener\">www.aisne.gouv.fr<\/a> <br><br><\/p>\n\n\n\t\t\t<div \n\t\t\tclass=\"wp-block-uagb-google-map uagb-google-map__wrap uagb-block-deb64bab     \"\n\t\t\tstyle=\"\" >\n\t\t\t\t<embed\n\t\t\t\t\tclass=\"uagb-google-map__iframe\"\n\t\t\t\t\ttitle=\"Carte Google pour \"\n\t\t\t\t\tsrc=\"https:\/\/maps.google.com\/maps?q=sous%20prefecture%20de%20saint%20quentin&#038;z=18&#038;hl=fr&#038;t=m&#038;output=embed&#038;iwloc=near\"\n\t\t\t\t\twidth=\"640\"\n\t\t\t\t\theight=\"370\"\n\t\t\t\t\tloading=\"lazy\"\n\t\t\t\t><\/embed>\n\t\t\t<\/div>\n\t\t\t","protected":false},"excerpt":{"rendered":"<p>Adresse de la sous-pr\u00e9fecture de Saint-Quentin Site web de la pr\u00e9fecture www.aisne.gouv.fr <a class=\"continue-reading-link\" href=\"https:\/\/moy-nas-02.synology.me\/wp_mairie\/?page_id=69\">Lire la suite<\/a><\/p>\n","protected":false},"author":1,"featured_media":0,"parent":53,"menu_order":2,"comment_status":"closed","ping_status":"closed","template":"templates\/template-onecolumn.php","meta":{"_uag_custom_page_level_css":"","footnotes":""},"class_list":["post-69","page","type-page","status-publish","hentry"],"uagb_featured_image_src":{"full":false,"thumbnail":false,"medium":false,"medium_large":false,"large":false,"1536x1536":false,"2048x2048":false,"custom":false,"post-thumbnail":false,"header":false,"slider":false,"parabola-columns":false},"uagb_author_info":{"display_name":"David","author_link":"https:\/\/moy-nas-02.synology.me\/wp_mairie\/?author=1"},"uagb_comment_info":0,"uagb_excerpt":"Adresse de la sous-pr\u00e9fecture de Saint-Quentin Site web de la pr\u00e9fecture www.aisne.gouv.fr Lire la suite","_links":{"self":[{"href":"https:\/\/moy-nas-02.synology.me\/wp_mairie\/index.php?rest_route=\/wp\/v2\/pages\/69","targetHints":{"allow":["GET"]}}],"collection":[{"href":"https:\/\/moy-nas-02.synology.me\/wp_mairie\/index.php?rest_route=\/wp\/v2\/pages"}],"about":[{"href":"https:\/\/moy-nas-02.synology.me\/wp_mairie\/index.php?rest_route=\/wp\/v2\/types\/page"}],"author":[{"embeddable":true,"href":"https:\/\/moy-nas-02.synology.me\/wp_mairie\/index.php?rest_route=\/wp\/v2\/users\/1"}],"replies":[{"embeddable":true,"href":"https:\/\/moy-nas-02.synology.me\/wp_mairie\/index.php?rest_route=%2Fwp%2Fv2%2Fcomments&post=69"}],"version-history":[{"count":35,"href":"https:\/\/moy-nas-02.synology.me\/wp_mairie\/index.php?rest_route=\/wp\/v2\/pages\/69\/revisions"}],"predecessor-version":[{"id":517,"href":"https:\/\/moy-nas-02.synology.me\/wp_mairie\/index.php?rest_route=\/wp\/v2\/pages\/69\/revisions\/517"}],"up":[{"embeddable":true,"href":"https:\/\/moy-nas-02.synology.me\/wp_mairie\/index.php?rest_route=\/wp\/v2\/pages\/53"}],"wp:attachment":[{"href":"https:\/\/moy-nas-02.synology.me\/wp_mairie\/index.php?rest_route=%2Fwp%2Fv2%2Fmedia&parent=69"}],"curies":[{"name":"wp","href":"https:\/\/api.w.org\/{rel}","templated":true}]}}