{"id":67,"date":"2021-06-16T17:58:00","date_gmt":"2021-06-16T15:58:00","guid":{"rendered":"https:\/\/moy-nas-02.synology.me\/wp_mairie\/?page_id=67"},"modified":"2021-06-28T17:16:34","modified_gmt":"2021-06-28T15:16:34","slug":"demarches-en-mairie","status":"publish","type":"page","link":"https:\/\/moy-nas-02.synology.me\/wp_mairie\/?page_id=67","title":{"rendered":"D\u00e9marches en Mairie"},"content":{"rendered":"<h2><strong>Vos d\u00e9marches les plus fr\u00e9quentes en Mairie<\/strong><\/h2>\n\n\n<hr class=\"wp-block-separator is-style-wide\"\/>\n\n\n<h2><strong>\u00c9tat Civil<\/strong><\/h2>\n<h3>Naissance<\/h3>\n\n\n<p class=\"has-normal-font-size\">Une d\u00e9claration de naissance doit \u00eatre effectu\u00e9e dans les 72 heures qui suivent la naissance (les samedis, dimanches et jours f\u00e9ri\u00e9s ne comptent pas lorsqu\u2019ils correspondent au dernier jour).<br>Se munir de la fiche de maternit\u00e9, du livret de famille ou d\u2019une pi\u00e8ce d\u2019identit\u00e9.<br>La reconnaissance d\u2019enfants naturels n\u00e9cessite la pr\u00e9sentation d\u2019une pi\u00e8ce d\u2019identit\u00e9 pour le d\u00e9clarant et de l\u2019acte de naissance pour les enfants n\u00e9s en dehors de Mo\u00ff de l&#8217;Aisne.<br>La reconnaissance avant naissance est valable 300 jours et peut se faire dans n\u2019importe mairie.<\/p>\n\n\n<h3>Mariage<\/h3>\n\n\n<p class=\"has-normal-font-size\">Les dossiers sont obligatoirement \u00e0 retirer \u00e0 la mairie<br>C\u00e9l\u00e9bration des mariages : apr\u00e8s v\u00e9rification dans la salle de mariage de l\u2019identit\u00e9 des futurs \u00e9poux et des t\u00e9moins, le mariage est c\u00e9l\u00e9br\u00e9 par Le Maire ou un adjoint. Les futurs \u00e9poux et leurs t\u00e9moins doivent pr\u00e9senter une pi\u00e8ce d\u2019identit\u00e9. Le livret de famille est remis imm\u00e9diatement apr\u00e8s la c\u00e9r\u00e9monie.<\/p>\n\n\n<h3>D\u00e9c\u00e8s<\/h3>\n\n\n<p class=\"has-normal-font-size\">La d\u00e9claration de d\u00e9c\u00e8s doit \u00eatre effectu\u00e9e dans les 24 heures \u00e0 la mairie du lieu du d\u00e9c\u00e8s. Un membre de la famille ou un proche, un repr\u00e9sentant de la soci\u00e9t\u00e9 de pompes fun\u00e8bres choisie par la famille, ou un agent hospitalier (d\u00e9c\u00e8s survenu \u00e0 l\u2019h\u00f4pital) peut d\u00e9clarer le d\u00e9c\u00e8s.<br>Cette d\u00e9marche requiert si possible une pi\u00e8ce d\u2019identit\u00e9 du d\u00e9funt, son livret de famille, un acte de naissance ou de mariage \u00e0 d\u00e9faut un acte de notori\u00e9t\u00e9. Elle s\u2019\u00e9tablit sur la foi d\u2019un certificat m\u00e9dical constatant le d\u00e9c\u00e8s , le cas \u00e9ch\u00e9ant la feuille de d\u00e9claration de l\u2019h\u00f4pital.<\/p>\n\n\n<h3>PACS<\/h3>\n\n\n<p class=\"has-normal-font-size\">A compter du 01 novembre 2017, les communes doivent enregistrer, en lieu et place des TGI, les PACS des personnes qui ont ou auront leur r\u00e9sidence commune sur leur territoire.<\/p>\n\n\n\n<p class=\"has-normal-font-size\">Pour cela les partenaires du PACS doivent constituer et d\u00e9poser un dossier puis un rendez-vous sera fix\u00e9 pour la signature et l\u2019enregistrement du PACS devant l\u2019officier de l\u2019\u00e9tat civil en mairie. Ce d\u00e9lai permettra au secr\u00e9tariat de v\u00e9rifier l\u2019int\u00e9gralit\u00e9 du dossier- ci-joint la liste des pi\u00e8ces \u00e0 fournir.<\/p>\n\n\n\n<blockquote class=\"wp-block-quote is-style-default is-layout-flow wp-block-quote-is-layout-flow\"><p>Convention de PACS<br>Pi\u00e8ces d\u2019identit\u00e9<br>Attestation de r\u00e9sidence commune<br>Attestation d\u2019absence de liens de parent\u00e9<br>Actes de naissance<br>Pi\u00e8ces particuli\u00e8res pour les \u00c9trangers<\/p><\/blockquote>\n\n\n\n<p class=\"has-normal-font-size\">Tous autres renseignements peuvent \u00eatre pris sur le site du<a href=\"https:\/\/www.service-public.fr\/particuliers\/vosdroits\/N144\" target=\"_blank\" rel=\"noreferrer noopener\"> service-public.fr<\/a>&nbsp;<\/p>\n\n\n<h2><strong>Carte Nationale d&#8217;identit\u00e9 et passeport biom\u00e9triques<\/strong><\/h2>\n\n\n<p class=\"has-normal-font-size\">A compter du 15 mars 2017, les usagers devront se pr\u00e9senter dans l\u2019une des 21 mairies de l&#8217;Aisne \u00e9quip\u00e9es de dispositifs num\u00e9riques de recueil de demandes. Les plus proches sont Ribemont, Saint-Quentin, Tergnier, etc..<\/p>\n\n\n\n<p>Renseignements compl\u00e9mentaires  sur le site de <a rel=\"noreferrer noopener\" href=\"https:\/\/www.aisne.gouv.fr\/\" target=\"_blank\"> www.aisne.gouv.fr<\/a>&nbsp;  <\/p>\n\n\n<h2><strong>Permis de conduire, carte grise<\/strong><\/h2>\n\n\n<p class=\"has-normal-font-size\">A compter du 06 novembre 2017, ces d\u00e9marches se feront uniquement sur internet: (postes informatique disponibles et aide \u00e0 <a href=\"https:\/\/moy-nas-02.synology.me\/wp_mairie\/?page_id=192\">l&#8217;Espace Num\u00e9rique<\/a> )<\/p>\n\n\n\n<p> <a rel=\"noreferrer noopener\" href=\"https:\/\/immatriculation.ants.gouv.fr\/\" target=\"_blank\">site officiel d\u2019\u00c9tat d&#8217;immatriculation<\/a>&nbsp; <\/p>\n\n\n<h2><strong>Inscription sur les listes \u00e9lectorales<\/strong><\/h2>\n\n\n<p class=\"has-normal-font-size\">Il vous suffit seulement de vous munir de:<br>Votre Carte Nationale d\u2019Identit\u00e9 (document prouvant \u00e0 la fois l\u2019identit\u00e9 et la nationalit\u00e9), ou bien d\u2019un autre justificatif d\u2019identit\u00e9 (passeport, livret de famille\u2026) et d\u2019un justificatif de nationalit\u00e9<br>D\u2019un justificatif personnel de domicile dans la commune (quittance de loyer, \u00e9lectricit\u00e9, gaz, eau, t\u00e9l\u00e9phone fixe \u2026<\/p>\n","protected":false},"excerpt":{"rendered":"<p>Vos d\u00e9marches les plus fr\u00e9quentes en Mairie \u00c9tat Civil Naissance Une d\u00e9claration de naissance doit \u00eatre effectu\u00e9e dans les 72 heures qui suivent la naissance (les samedis, dimanches et jours f\u00e9ri\u00e9s ne comptent pas lorsqu\u2019ils correspondent au dernier jour).Se munir de la fiche de maternit\u00e9, du livret de famille ou&#8230; <a class=\"continue-reading-link\" href=\"https:\/\/moy-nas-02.synology.me\/wp_mairie\/?page_id=67\">Lire la suite<\/a><\/p>\n","protected":false},"author":1,"featured_media":0,"parent":53,"menu_order":1,"comment_status":"closed","ping_status":"closed","template":"templates\/template-onecolumn.php","meta":{"_uag_custom_page_level_css":"","footnotes":""},"class_list":["post-67","page","type-page","status-publish","hentry"],"uagb_featured_image_src":{"full":false,"thumbnail":false,"medium":false,"medium_large":false,"large":false,"1536x1536":false,"2048x2048":false,"custom":false,"post-thumbnail":false,"header":false,"slider":false,"parabola-columns":false},"uagb_author_info":{"display_name":"David","author_link":"https:\/\/moy-nas-02.synology.me\/wp_mairie\/?author=1"},"uagb_comment_info":0,"uagb_excerpt":"Vos d\u00e9marches les plus fr\u00e9quentes en Mairie \u00c9tat Civil Naissance Une d\u00e9claration de naissance doit \u00eatre effectu\u00e9e dans les 72 heures qui suivent la naissance (les samedis, dimanches et jours f\u00e9ri\u00e9s ne comptent pas lorsqu\u2019ils correspondent au dernier jour).Se munir de la fiche de maternit\u00e9, du livret de famille ou... Lire la suite","_links":{"self":[{"href":"https:\/\/moy-nas-02.synology.me\/wp_mairie\/index.php?rest_route=\/wp\/v2\/pages\/67","targetHints":{"allow":["GET"]}}],"collection":[{"href":"https:\/\/moy-nas-02.synology.me\/wp_mairie\/index.php?rest_route=\/wp\/v2\/pages"}],"about":[{"href":"https:\/\/moy-nas-02.synology.me\/wp_mairie\/index.php?rest_route=\/wp\/v2\/types\/page"}],"author":[{"embeddable":true,"href":"https:\/\/moy-nas-02.synology.me\/wp_mairie\/index.php?rest_route=\/wp\/v2\/users\/1"}],"replies":[{"embeddable":true,"href":"https:\/\/moy-nas-02.synology.me\/wp_mairie\/index.php?rest_route=%2Fwp%2Fv2%2Fcomments&post=67"}],"version-history":[{"count":21,"href":"https:\/\/moy-nas-02.synology.me\/wp_mairie\/index.php?rest_route=\/wp\/v2\/pages\/67\/revisions"}],"predecessor-version":[{"id":516,"href":"https:\/\/moy-nas-02.synology.me\/wp_mairie\/index.php?rest_route=\/wp\/v2\/pages\/67\/revisions\/516"}],"up":[{"embeddable":true,"href":"https:\/\/moy-nas-02.synology.me\/wp_mairie\/index.php?rest_route=\/wp\/v2\/pages\/53"}],"wp:attachment":[{"href":"https:\/\/moy-nas-02.synology.me\/wp_mairie\/index.php?rest_route=%2Fwp%2Fv2%2Fmedia&parent=67"}],"curies":[{"name":"wp","href":"https:\/\/api.w.org\/{rel}","templated":true}]}}